{"id":1208,"date":"2025-04-24T11:55:47","date_gmt":"2025-04-24T14:55:47","guid":{"rendered":"https:\/\/sbu.uenp.edu.br\/clm\/?page_id=1208"},"modified":"2025-09-09T11:07:28","modified_gmt":"2025-09-09T14:07:28","slug":"perguntas-frequentes","status":"publish","type":"page","link":"https:\/\/sbu.uenp.edu.br\/clm\/conheca\/perguntas-frequentes\/","title":{"rendered":"Perguntas Frequentes"},"content":{"rendered":"<hr \/>\n<p><span style=\"font-family: verdana, geneva, sans-serif\"><strong>Quais s\u00e3o os hor\u00e1rios de funcionamento da Biblioteca do CLM-UENP?<br \/>\n<\/strong><\/span><\/p>\n<p><span style=\"font-family: verdana, geneva, sans-serif\">A Biblioteca, localizada no Campus Luiz Meneghel da UENP em Bandeirantes, funciona de segunda a sexta-feira, das 7h45 \u00e0s 22h15 (exceto feriados e recessos).<\/span><\/p>\n<p><span style=\"font-family: verdana, geneva, sans-serif\"><strong>Como posso me cadastrar para utilizar os servi\u00e7os da Biblioteca CLM-UENP?<br \/>\n<\/strong><\/span><\/p>\n<p><span style=\"font-family: verdana, geneva, sans-serif\">Para utilizar os servi\u00e7os da Biblioteca, \u00e9 necess\u00e1rio apresentar o cart\u00e3o de identifica\u00e7\u00e3o da UENP, que \u00e9 a p\u00e1gina de cadastro no Sistema Unificado de Administra\u00e7\u00e3o P\u00fablica (<strong><a href=\"https:\/\/suap.uenp.edu.br\/accounts\/login\/?next=\/\" target=\"_blank\" rel=\"noopener\">SUAP<\/a><\/strong>) e onde constam os dados pessoais, como RG e CPF. O cadastro \u00e9 realizado diretamente no atendimento da biblioteca.<\/span><\/p>\n<p><span style=\"font-family: verdana, geneva, sans-serif\"><strong>Quais documentos s\u00e3o necess\u00e1rios para realizar o cadastro?<br \/>\n<\/strong><\/span><\/p>\n<p><span style=\"font-family: verdana, geneva, sans-serif\">Para se cadastrar na biblioteca, a pessoa que \u00e9 membro da comunidade acad\u00eamica do CLM-UENP deve apresentar o cart\u00e3o de identifica\u00e7\u00e3o da UENP (<strong><a href=\"https:\/\/suap.uenp.edu.br\/accounts\/login\/?next=\/\" target=\"_blank\" rel=\"noopener\">SUAP<\/a><\/strong>), na tela que conste os documentos de identifica\u00e7\u00e3o pessoal, como o RG e o CPF e demais dados.<\/span><\/p>\n<p><span style=\"font-family: verdana, geneva, sans-serif\"><strong>Materiais que podem ser emprestados<\/strong><\/span><\/p>\n<p><span style=\"font-family: verdana, geneva, sans-serif\"><strong>Quais materiais podem ser emprestados por discentes de gradua\u00e7\u00e3o?<br \/>\n<\/strong><\/span><\/p>\n<ul style=\"list-style-type: square\">\n<li><span style=\"font-family: verdana, geneva, sans-serif\">Livros<\/span><\/li>\n<li><span style=\"font-family: verdana, geneva, sans-serif\">Trabalhos de Conclus\u00e3o de Curso (TCCs)<\/span><\/li>\n<\/ul>\n<p><span style=\"font-family: verdana, geneva, sans-serif\"><strong>Quais materiais podem ser emprestados por discentes de p\u00f3s-gradua\u00e7\u00e3o?<\/strong><\/span><\/p>\n<ul style=\"list-style-type: square\">\n<li><span style=\"font-family: verdana, geneva, sans-serif\">Livros<\/span><\/li>\n<li><span style=\"font-family: verdana, geneva, sans-serif\">Peri\u00f3dicos<\/span><\/li>\n<li><span style=\"font-family: verdana, geneva, sans-serif\">CDs<\/span><\/li>\n<li><span style=\"font-family: verdana, geneva, sans-serif\">DVDs<\/span><\/li>\n<li><span style=\"font-family: verdana, geneva, sans-serif\">Fitas VHS<\/span><\/li>\n<li><span style=\"font-family: verdana, geneva, sans-serif\">Trabalhos Acad\u00eamicos (TCCs, monografias, disserta\u00e7\u00f5es e teses)<\/span><\/li>\n<\/ul>\n<p><span style=\"font-family: verdana, geneva, sans-serif\"><strong>Quais materiais podem ser emprestados por docentes?<\/strong><\/span><\/p>\n<ul style=\"list-style-type: square\">\n<li><span style=\"font-family: verdana, geneva, sans-serif\">Livros<\/span><\/li>\n<li><span style=\"font-family: verdana, geneva, sans-serif\">Peri\u00f3dicos<\/span><\/li>\n<li><span style=\"font-family: verdana, geneva, sans-serif\">CDs<\/span><\/li>\n<li><span style=\"font-family: verdana, geneva, sans-serif\">DVDs<\/span><\/li>\n<li><span style=\"font-family: verdana, geneva, sans-serif\">Fitas VHS<\/span><\/li>\n<li><span style=\"font-family: verdana, geneva, sans-serif\">Trabalhos Acad\u00eamicos(TCCs, monografis, disserta\u00e7\u00f5es e teses)<\/span><\/li>\n<\/ul>\n<p><span style=\"font-family: verdana, geneva, sans-serif\"><strong>Quais materiais podem ser emprestados por agentes universit\u00e1rios?<\/strong><\/span><\/p>\n<ul style=\"list-style-type: square\">\n<li><span style=\"font-family: verdana, geneva, sans-serif\">Livros<\/span><\/li>\n<\/ul>\n<p><span style=\"font-family: verdana, geneva, sans-serif\"><strong>Prazo de devolu\u00e7\u00e3o<br \/>\n<\/strong><\/span><\/p>\n<p><span style=\"font-family: verdana, geneva, sans-serif\"><strong>Qual \u00e9 o prazo de devolu\u00e7\u00e3o dos discentes de gradua\u00e7\u00e3o?<\/strong><\/span><\/p>\n<p><span style=\"font-family: verdana, geneva, sans-serif\">O prazo de devolu\u00e7\u00e3o para discentes de gradua\u00e7\u00e3o \u00e9 de 7 dias.<\/span><\/p>\n<p><span style=\"font-family: verdana, geneva, sans-serif\"><strong>Qual \u00e9 o prazo de devolu\u00e7\u00e3o dos discentes de p\u00f3s-gradua\u00e7\u00e3o?<\/strong><\/span><\/p>\n<p><span style=\"font-family: verdana, geneva, sans-serif\">O prazo de devolu\u00e7\u00e3o para discentes de p\u00f3s-gradua\u00e7\u00e3o \u00e9 de 14 dias.<\/span><\/p>\n<p><span style=\"font-family: verdana, geneva, sans-serif\"><strong>Qual \u00e9 o prazo de devolu\u00e7\u00e3o dos docentes?<\/strong><\/span><\/p>\n<p><span style=\"font-family: verdana, geneva, sans-serif\">O prazo de devolu\u00e7\u00e3o para docentes \u00e9 de 14 dias.<\/span><\/p>\n<p><span style=\"font-family: verdana, geneva, sans-serif\"><strong>Qual \u00e9 o prazo de devolu\u00e7\u00e3o dos agentes universit\u00e1rios?<\/strong><\/span><\/p>\n<p><span style=\"font-family: verdana, geneva, sans-serif\">O prazo de devolu\u00e7\u00e3o para agentes universit\u00e1rios \u00e9 de 7 dias.<\/span><\/p>\n<p><span style=\"font-family: verdana, geneva, sans-serif\"><strong>H\u00e1 limite de empr\u00e9stimos simult\u00e2neos de livros?<br \/>\n<\/strong><\/span><\/p>\n<p><span style=\"font-family: verdana, geneva, sans-serif\">Sim, o limite de empr\u00e9stimos \u00e9 de tr\u00eas itens por vez para toda a comunidade acad\u00eamica, com exce\u00e7\u00e3o dos docentes, que podem solicitar mais materiais ao bibliotec\u00e1rio para uso em sala de aula, mediante a responsabilidade pelos mesmos.<\/span><\/p>\n<p><span style=\"font-family: verdana, geneva, sans-serif\"><strong>Como posso reservar um livro que est\u00e1 emprestado?<br \/>\n<\/strong><\/span><\/p>\n<p><span style=\"font-family: verdana, geneva, sans-serif\">Se o livro estiver emprestado, voc\u00ea pode realizar a reserva do material online. O material reservado ficar\u00e1 dispon\u00edvel para retirada at\u00e9 um dia ap\u00f3s a devolu\u00e7\u00e3o do item.<\/span><\/p>\n<p><span style=\"font-family: verdana, geneva, sans-serif\"><strong>A Biblioteca do CLM-UENP oferece acesso a livros digitais ou e-books?<br \/>\n<\/strong><\/span><\/p>\n<p><span style=\"font-family: verdana, geneva, sans-serif\">Sim, a Biblioteca oferece acesso a livros digitais e e-books por meio de plataformas como a <a href=\"https:\/\/sbu.uenp.edu.br\/clm\/fontes\/minha-biblioteca\/\" target=\"_blank\" rel=\"noopener\"><strong>Minha Biblioteca<\/strong><\/a> e a <strong><a href=\"https:\/\/sbu.uenp.edu.br\/clm\/fontes\/biblioteca-virtual\/\" target=\"_blank\" rel=\"noopener\">Biblioteca Virtual da Pearson<\/a><\/strong><em>,<\/em> acess\u00edveis a toda a comunidade acad\u00eamica da UENP.<\/span><\/p>\n<p><span style=\"font-family: verdana, geneva, sans-serif\"><strong>H\u00e1 espa\u00e7os para estudo individual ou em grupo na Biblioteca do CLM-UENP?<br \/>\n<\/strong><\/span><\/p>\n<p><span style=\"font-family: verdana, geneva, sans-serif\">Sim, a Biblioteca oferece esta\u00e7\u00f5es de pesquisa para estudo individual e espa\u00e7os para estudos em grupo, al\u00e9m de equipamentos como computadores para consulta, dispon\u00edveis para discentes, docentes e agentes universit\u00e1rios da UENP.<\/span><\/p>\n<p><span style=\"font-family: verdana, geneva, sans-serif\"><strong>Como posso acessar o cat\u00e1logo online da Biblioteca do CLM-UENP?<br \/>\n<\/strong><\/span><\/p>\n<p><span style=\"font-family: verdana, geneva, sans-serif\">O cat\u00e1logo online da biblioteca pode ser acessado pelo seguinte endere\u00e7o: <strong><a href=\"http:\/\/gnuteca.uenp.edu.br\" target=\"_blank\" rel=\"nofollow noopener\">gnuteca.uenp.edu.br<\/a><\/strong>. Nele, voc\u00ea pode consultar o acervo e realizar reservas de maneira pr\u00e1tica, r\u00e1pida e de qualquer lugar com acesso \u00e0 internet.<\/span><\/p>\n<p><span style=\"font-family: verdana, geneva, sans-serif\"><strong>A Biblioteca do CLM-UENP \u00e9 aberta \u00e0 comunidade externa?<br \/>\n<\/strong><\/span><\/p>\n<p><span style=\"font-family: verdana, geneva, sans-serif\">Sim. Qualquer pessoa pode estudar e consultar materiais bibliogr\u00e1ficos na Biblioteca. Contudo, servi\u00e7os como o empr\u00e9stimo domiciliar s\u00e3o restritos a comunidade acad\u00eamica da UENP. A consulta do acervo f\u00edsico deve ser realizada em ambiente espec\u00edfico para tal finalidade.<\/span><\/p>\n<p><span style=\"font-family: verdana, geneva, sans-serif\">Em caso de d\u00favidas, acesse o nosso <a href=\"https:\/\/uenp.edu.br\/doc-conselhos-uenp\/cad\/cad-resolucoes\/cad-resolucoes-2013\/2299-resolucao-001-2013\/file\" target=\"_blank\" rel=\"noopener\"><strong>regulamento<\/strong><\/a>.<\/span><\/p>\n<p><span style=\"font-family: verdana, geneva, sans-serif\">D\u00favidas? Entre em contato:<a href=\"mailto:coordenacao.biblioteca.clm@uenp.edu.br\" target=\"_blank\" rel=\"noopener\"><strong>coordenacao.biblioteca.clm@uenp.edu.br<\/strong><\/a>.<\/span><\/p>\n","protected":false},"excerpt":{"rendered":"","protected":false},"author":7,"featured_media":0,"parent":11,"menu_order":0,"comment_status":"closed","ping_status":"closed","template":"","meta":{"footnotes":""},"class_list":["post-1208","page","type-page","status-publish","hentry"],"_links":{"self":[{"href":"https:\/\/sbu.uenp.edu.br\/clm\/wp-json\/wp\/v2\/pages\/1208","targetHints":{"allow":["GET"]}}],"collection":[{"href":"https:\/\/sbu.uenp.edu.br\/clm\/wp-json\/wp\/v2\/pages"}],"about":[{"href":"https:\/\/sbu.uenp.edu.br\/clm\/wp-json\/wp\/v2\/types\/page"}],"author":[{"embeddable":true,"href":"https:\/\/sbu.uenp.edu.br\/clm\/wp-json\/wp\/v2\/users\/7"}],"replies":[{"embeddable":true,"href":"https:\/\/sbu.uenp.edu.br\/clm\/wp-json\/wp\/v2\/comments?post=1208"}],"version-history":[{"count":34,"href":"https:\/\/sbu.uenp.edu.br\/clm\/wp-json\/wp\/v2\/pages\/1208\/revisions"}],"predecessor-version":[{"id":1903,"href":"https:\/\/sbu.uenp.edu.br\/clm\/wp-json\/wp\/v2\/pages\/1208\/revisions\/1903"}],"up":[{"embeddable":true,"href":"https:\/\/sbu.uenp.edu.br\/clm\/wp-json\/wp\/v2\/pages\/11"}],"wp:attachment":[{"href":"https:\/\/sbu.uenp.edu.br\/clm\/wp-json\/wp\/v2\/media?parent=1208"}],"curies":[{"name":"wp","href":"https:\/\/api.w.org\/{rel}","templated":true}]}}